{"id":482,"date":"2021-02-11T19:51:11","date_gmt":"2021-02-11T19:51:11","guid":{"rendered":"https:\/\/uge.ssmu.ca\/?page_id=482"},"modified":"2022-04-20T20:00:33","modified_gmt":"2022-04-20T20:00:33","slug":"financement","status":"publish","type":"page","link":"https:\/\/theuge.org\/fr\/services-fr\/financement\/","title":{"rendered":"Financement"},"content":{"rendered":"<div class=\"wp-block-columns is-layout-flex wp-container-core-columns-is-layout-9d6595d7 wp-block-columns-is-layout-flex\">\n<div class=\"wp-block-column is-layout-flow wp-block-column-is-layout-flow\" style=\"flex-basis:25%\"><\/div>\n\n\n\n<div class=\"wp-block-column is-layout-flow wp-block-column-is-layout-flow\" style=\"flex-basis:60%\">\n<p class=\"has-text-align-center\">Le Syndicat d\u2019\u00c9mancipation des Genres est consciente qu&#8217;il y a souvent un manque de financement pour les groupes cherchant \u00e0 recueillir des fonds pour des projets de justice sociale. \u00c0 cette fin, nous avons r\u00e9tabli l&#8217;acc\u00e8s \u00e0 notre financement discr\u00e9tionnaire pour les membres de la communaut\u00e9.<\/p>\n\n\n\n<p class=\"has-text-align-center\">Ce fonds vise \u00e0 soutenir des projets qui ont pour but de faire progresser la justice sociale. Le comit\u00e9 de financement discr\u00e9tionnaire se r\u00e9unira apr\u00e8s chaque cycle de financement (novembre, f\u00e9vrier, mai) pour examiner les demandes et r\u00e9partir les fonds disponibles. Les demandes de fonds discr\u00e9tionnaires sont sujets \u00e0 un maximum de 300$.<\/p>\n\n\n\n<p class=\"has-text-align-center\">Les organismes \u00e0 but lucratif ne sont pas admissibles \u00e0 ce fonds. Seuls les groupes dans la r\u00e9gion du Grand Montr\u00e9al peuvent demander des fonds discr\u00e9tionnaires. Toute demande incompl\u00e8te ne sera pas accept\u00e9e. D\u00e8s r\u00e9ception de votre demande de financement discr\u00e9tionnaire, nous vous enverrons un e-mail de confirmation indiquant que nous avons re\u00e7u votre demande. Chaque groupe n&#8217;est \u00e9ligible \u00e0 un financement discr\u00e9tionnaire qu&#8217;une fois par ann\u00e9e scolaire. La priorit\u00e9 sera accord\u00e9e aux groupes qui n\u2019ont pas re\u00e7u de financement les ann\u00e9es pr\u00e9c\u00e9dentes.<\/p>\n<\/div>\n\n\n\n<div class=\"wp-block-column is-layout-flow wp-block-column-is-layout-flow\" style=\"flex-basis:25%\"><\/div>\n<\/div>\n\n\n\n<p class=\"has-text-align-center\"><a class=\"btn header-btn header-btn-2\" style=\"text-decoration:none\" href=\"https:\/\/forms.gle\/aaNH9LhYuFmSEDCz8\"><span class=\"btn__text\">APPLIQUEZ<\/span><\/a><\/p>","protected":false},"excerpt":{"rendered":"<p>Le Syndicat d\u2019\u00c9mancipation des Genres est consciente qu&#8217;il y a souvent un manque de financement pour les groupes cherchant \u00e0 recueillir des fonds pour des projets de justice sociale. \u00c0 cette fin, nous avons r\u00e9tabli l&#8217;acc\u00e8s \u00e0 notre financement discr\u00e9tionnaire pour les membres de la communaut\u00e9. Ce fonds vise \u00e0 soutenir des projets qui ont [&hellip;]<\/p>","protected":false},"author":3,"featured_media":0,"parent":428,"menu_order":4,"comment_status":"closed","ping_status":"closed","template":"","meta":{"footnotes":""},"class_list":["post-482","page","type-page","status-publish","hentry"],"_links":{"self":[{"href":"https:\/\/theuge.org\/fr\/wp-json\/wp\/v2\/pages\/482","targetHints":{"allow":["GET"]}}],"collection":[{"href":"https:\/\/theuge.org\/fr\/wp-json\/wp\/v2\/pages"}],"about":[{"href":"https:\/\/theuge.org\/fr\/wp-json\/wp\/v2\/types\/page"}],"author":[{"embeddable":true,"href":"https:\/\/theuge.org\/fr\/wp-json\/wp\/v2\/users\/3"}],"replies":[{"embeddable":true,"href":"https:\/\/theuge.org\/fr\/wp-json\/wp\/v2\/comments?post=482"}],"version-history":[{"count":7,"href":"https:\/\/theuge.org\/fr\/wp-json\/wp\/v2\/pages\/482\/revisions"}],"predecessor-version":[{"id":574,"href":"https:\/\/theuge.org\/fr\/wp-json\/wp\/v2\/pages\/482\/revisions\/574"}],"up":[{"embeddable":true,"href":"https:\/\/theuge.org\/fr\/wp-json\/wp\/v2\/pages\/428"}],"wp:attachment":[{"href":"https:\/\/theuge.org\/fr\/wp-json\/wp\/v2\/media?parent=482"}],"curies":[{"name":"wp","href":"https:\/\/api.w.org\/{rel}","templated":true}]}}